{"id":17,"date":"2017-10-12T14:31:52","date_gmt":"2017-10-12T14:31:52","guid":{"rendered":"http:\/\/aassee.ffzg.unizg.hr\/?page_id=17"},"modified":"2023-04-27T14:00:12","modified_gmt":"2023-04-27T14:00:12","slug":"conferences","status":"publish","type":"page","link":"https:\/\/aassee.ffzg.unizg.hr\/index.php\/conferences\/","title":{"rendered":"Conferences"},"content":{"rendered":"<p style=\"text-align: center;\"><span style=\"font-size: 10pt; color: #336699;\"><strong>CONFERENCES AND WORKSHOPS<\/strong><\/span><\/p>\n<table style=\"border-color: #cadbeb; height: 1584px;\">\n<tbody>\n<tr style=\"height: 37px;\">\n<td style=\"border-color: #95b1cc; background-color: #ffffff; width: 613px; height: 37px;\"><span style=\"color: #336699; background-color: #d2faea;\">\u00a0<strong><span style=\"font-size: 14pt; background-color: #d2faea;\">\u2217 <\/span><\/strong><span style=\"font-size: 12pt; background-color: #d2faea;\"><strong>2023<\/strong><\/span><\/span><span style=\"color: #0000ff; font-size: 10pt;\"><strong><br \/>\n<\/strong><\/span><\/td>\n<\/tr>\n<tr style=\"height: 106px;\">\n<td style=\"border-color: #95b1cc; background-color: #f3f5e6; width: 613px; height: 106px;\"><span style=\"color: #336699; font-size: 10pt;\"><strong><em><a href=\"http:\/\/www.huams.hr\/?p=813\" target=\"_blank\" rel=\"noopener\">Media, American Culture, and Global Perspective: Images, Ideas, and Illusion<\/a><br \/>\n<\/em><\/strong><strong><em>CAAS 11th annual conference<br \/>\n<\/em><\/strong>(Faculty of Humanities and Social Sciences, Rijeka, Croatia, 31 March, 2023)<br \/>\n<\/span><\/td>\n<\/tr>\n<tr style=\"height: 37px;\">\n<td style=\"border-color: #95b1cc; background-color: #ffffff; width: 613px; height: 37px;\"><span style=\"color: #336699;\">\u00a0<span style=\"background-color: #f0c5d4;\"><strong><span style=\"font-size: 14pt; background-color: #f0c5d4;\">\u2217 <\/span><\/strong><span style=\"font-size: 12pt; background-color: #f0c5d4;\"><strong>2022<\/strong><\/span><\/span><\/span><span style=\"color: #0000ff; font-size: 10pt;\"><strong><br \/>\n<\/strong><\/span><\/td>\n<\/tr>\n<tr style=\"height: 106px;\">\n<td style=\"border-color: #95b1cc; background-color: #f3f5e6; width: 613px; height: 106px;\"><span style=\"color: #336699; font-size: 10pt;\"><a href=\"http:\/\/www.huams.hr\/?p=686\"><strong><em>Breaking Stereotypes in American Popular Culture<\/em><\/strong><\/a><br \/>\nThe<strong> Book of Abstracts <\/strong>and <strong>conference photos <\/strong>are available\u00a0 <strong><a href=\"http:\/\/www.huams.hr\/wp-content\/uploads\/2022\/09\/8-31-2022-HUAMS-BOOK-OF-ABSTRACTS-1.pdf\">here<\/a><\/strong> and <strong><a href=\"https:\/\/www.ffos.unios.hr\/znanstveni-portal\/centri\/centar-za-sjevernoamericke-studije\/skupovi\/\">here<\/a>.<br \/>\n<a href=\"https:\/\/aassee.ffzg.unizg.hr\/index.php\/cfp-10th-annual-caas-workshop-in-osijek-deadline-1-june-2022\/\">Call for Papers<\/a><em>: CAAS 10th annual workshop<br \/>\n<\/em><\/strong>(Faculty of Humanities and Social Sciences, Osijek, Croatia, 9-10 September, 2022)<br \/>\n<\/span><\/td>\n<\/tr>\n<tr style=\"height: 37px;\">\n<td style=\"border-color: #95b1cc; background-color: #ffffff; width: 613px; height: 37px;\"><span style=\"color: #336699;\"> <span style=\"background-color: #c5f0cf;\"><strong><span style=\"font-size: 14pt; background-color: #c5f0cf;\">\u2217 <\/span><\/strong><span style=\"font-size: 12pt; background-color: #c5f0cf;\"><strong>2021<\/strong><\/span><\/span><\/span><span style=\"color: #0000ff; font-size: 10pt;\"><strong><br \/>\n<\/strong><\/span><\/td>\n<\/tr>\n<tr style=\"height: 80px;\">\n<td style=\"border-color: #95b1cc; background-color: #dff7e4; width: 613px; height: 80px;\"><span style=\"color: #336699; font-size: 10pt;\"><strong>Call for Papers<em>: CAAS 9th annual workshop<br \/>\n<a href=\"https:\/\/aassee.ffzg.unizg.hr\/index.php\/caas-9th-annual-workshop-2021\/\">Tracing Populism in the U.S. and Comparative Perspective<\/a><\/em><br \/>\n<\/strong>(University of Zadar, Zadar, Croatia, September 25, 2021)<br \/>\n<\/span><\/td>\n<\/tr>\n<tr style=\"height: 26px;\">\n<td style=\"border-color: #95b1cc; background-color: #ffffff; width: 613px; height: 26px;\"><span style=\"color: #0000ff; font-size: 10pt;\"><strong>\u00a0<span style=\"color: #3069b3; background-color: #e9f7e9; font-size: 12pt;\"> * 2020<\/span><\/strong><\/span><span style=\"color: #336699; font-size: 10pt;\"><strong><br \/>\n<\/strong><\/span><\/td>\n<\/tr>\n<tr style=\"height: 26px;\">\n<td style=\"border-color: #95b1cc; background-color: #e9f5ed; width: 613px; height: 26px;\"><span style=\"color: #336699; font-size: 10pt;\"><strong><em>American and English Studies Workshop: Reading COVID-19 in the Anglo-American context<\/em>, Zagreb, Croatia, September 26, 2020<br \/>\n<\/strong>The Conference <strong>CFP <\/strong>is available <strong><a href=\"http:\/\/aassee.ffzg.unizg.hr\/index.php\/conferences\/cfp\/\">here<\/a><\/strong><strong><br \/>\n<\/strong><\/span><\/td>\n<\/tr>\n<tr style=\"height: 26px;\">\n<td style=\"border-color: #95b1cc; background-color: #e9f4f5; width: 613px; height: 26px;\"><span style=\"color: #336699; font-size: 10pt;\"><strong><em>American Studies Video Games Conference<\/em>, Mainz, Germany, May 20-23, 2020<br \/>\n<\/strong>The Conference <strong>CFP <\/strong>is available <strong><a href=\"https:\/\/anglist.ffzg.unizg.hr\/wp-content\/uploads\/2019\/10\/Mainz-playingfield3_cfp.pdf\">here<\/a><br \/>\n<\/strong>More information at <a href=\"https:\/\/playingthefieldeu.wordpress.com\/\" target=\"_blank\" rel=\"noopener noreferrer\">https:\/\/playingthefieldeu.wordpress.com\/<\/a><strong><br \/>\n<\/strong><\/span><\/td>\n<\/tr>\n<tr style=\"height: 133px;\">\n<td style=\"border-color: #95b1cc; background-color: #f5f4e9; width: 613px; height: 133px;\"><span style=\"color: #336699; font-size: 10pt;\"><strong><em>Transnationality of American Literature and American English<\/em><br \/>\nBelgrade, Serbia, April 4th, 2020<\/strong><br \/>\nThe Conference <strong>CFP<\/strong> is available <a href=\"http:\/\/aassee.ffzg.unizg.hr\/index.php\/conferences\/cfp-transnationality-of-american-literature-and-american-english-2020\/\">here<\/a><br \/>\nConference web page:<br \/>\n<a href=\"http:\/\/aassee.ffzg.unizg.hr\/index.php\/transnationality-conference-belgrade-2020\/\">http:\/\/aassee.ffzg.unizg.hr\/index.php\/transnationality-conference-belgrade-2020\/<\/a><br \/>\n<\/span><\/td>\n<\/tr>\n<tr style=\"height: 26px;\">\n<td style=\"border-color: #95b1cc; background-color: #e9f4f5; width: 613px; height: 26px;\"><span style=\"color: #336699; font-size: 10pt;\"><strong>EAAS 2020 Conference, Warsaw, Poland, May 1\u20133, 2020<br \/>\n<em>20\/20 Vision: Citizenship, Space, Renewal<\/em><br \/>\n<\/strong>The Conference <strong>CFP <\/strong>is available at: <strong><a href=\"http:\/\/eaas2020.eu\/\" target=\"_blank\" rel=\"noopener\">http:\/\/eaas2020.eu\/<\/a><br \/>\n<\/strong><\/span><\/td>\n<\/tr>\n<tr style=\"height: 26px;\">\n<td style=\"border-color: #95b1cc; background-color: #faedf8; width: 613px; height: 26px;\"><span style=\"color: #336699; font-size: 10pt;\"><strong><em>Breaking the Boundaries:In Between Texts, Cultures and Conventions<br \/>\n11th Brno International Conference of English, American and Canadian Studies<br \/>\n<\/em>Brno, Czech Republic, 12 \u2013 14 February 2020<br \/>\n<\/strong>The Conference <strong>CFP <\/strong>is available at: <a href=\"https:\/\/anglistika.phil.muni.cz\/brno2020\/call-for-papers\" target=\"_blank\" rel=\"noopener\">https:\/\/anglistika.phil.muni.cz\/brno2020\/call-for-papers<\/a><strong><br \/>\n<\/strong><\/span><\/td>\n<\/tr>\n<tr style=\"height: 26px;\">\n<td style=\"border-color: #95b1cc; background-color: #ffffff; width: 613px; height: 26px;\"><span style=\"color: #336699; font-size: 12pt;\"><strong>\u00a0<span style=\"background-color: #e5f7da;\">* 2019<\/span><\/strong><\/span><\/td>\n<\/tr>\n<tr style=\"background-color: #edf8fa;\">\n<td style=\"border-color: #95b1cc; background-color: #f9faed; height: 80px; width: 613px;\"><span style=\"color: #336699; font-size: 10pt;\"><strong>\u00a0<a href=\"https:\/\/anglist.ffzg.unizg.hr\/?p=35643\"><em>Transformation: Nature and Economy in Modern English and American Culture <\/em><\/a><br \/>\n(Faculty of Humanities and Social Sciences, Zagreb, Croatia, Oct 24, 2019)<\/strong><\/span><span style=\"color: #336699; font-size: 10pt;\"><br \/>\n<strong><a href=\"http:\/\/aassee.ffzg.unizg.hr\/wp-content\/uploads\/2019\/09\/Transformation_cfp_final.docx\">Call for Papers<\/a><\/strong> <a href=\"http:\/\/aassee.ffzg.unizg.hr\/wp-content\/uploads\/2019\/09\/Transformation_cfp_final.docx\"><span style=\"font-size: 8pt;\">(word.doc)<\/span><\/a> <\/span><\/td>\n<\/tr>\n<tr style=\"background-color: #edfaee;\">\n<td style=\"border-color: #95b1cc; background-color: #dff7e6; height: 80px; width: 613px;\"><span style=\"color: #336699; font-size: 10pt;\"><strong>XV International Conference on Anglo-American literature<br \/>\n(June 27-28, 2019, in Cetinje, Montenegro)<\/strong><\/span><br \/>\n<span style=\"color: #336699; font-size: 10pt;\"> (organized by the Department of English Language and Literature of the Faculty of Philology,<br \/>\nUniversity of Montenegro)<br \/>\n<a href=\"http:\/\/aassee.ffzg.unizg.hr\/wp-content\/uploads\/2018\/10\/Final-CFP-XV-Montenegro-2018.docx\"><strong>Call for Papers<\/strong> <span style=\"font-size: 8pt;\">(word.doc)<\/span><\/a> <\/span><\/td>\n<\/tr>\n<tr style=\"height: 26px;\">\n<td style=\"border-color: #95b1cc; background-color: #ffffff; width: 613px; height: 26px;\"><span style=\"color: #336699; font-size: 10pt;\"><strong>\u00a0<span style=\"background-color: #e9f4f5; font-size: 12pt;\"> * 2018<\/span><br \/>\n<\/strong><\/span><\/td>\n<\/tr>\n<tr style=\"height: 80px;\">\n<td style=\"border-color: #5383b0; background-color: #e4f1f7; height: 80px; width: 613px;\"><span style=\"color: #336699; font-size: 10pt;\">6th Annual CAAS American Studies Workshop:<\/span><br \/>\n<span style=\"color: #336699; font-size: 10pt;\"> <a href=\"http:\/\/anglist.ffzg.unizg.hr\/?p=30844\"><em><strong>Representations of Age and Ageing in American Culture<\/strong><\/em><\/a><\/span><br \/>\n<span style=\"color: #336699; font-size: 10pt;\"> (Zadar, Croatia, 15-16 June 2018)<\/span><\/td>\n<\/tr>\n<tr style=\"height: 266px;\">\n<td style=\"border-color: #6a8f9e; background-color: #f6f7e9; height: 266px; width: 613px;\"><span style=\"font-size: 10pt;\"><span style=\"color: #336699;\"><span style=\"color: #336699;\">\u00a0<\/span><\/span><strong>The XIV International Conference on Anglo-American Literary Studies<br \/>\nNik\u0161i\u0107, Montenegro, June 28-29, 2018<br \/>\n<em>RECLAIMING \/ RENAMING HISTORIES<br \/>\n<\/em>more info:<em><br \/>\n<\/em><\/strong><a href=\"http:\/\/www.ucg.ac.me\/objava\/blog\/1249\/objava\/18037-the-xiv-international-conference-on-anglo-american-literary-studies-niksic-montenegro-june-28-29-2018\" target=\"_blank\" rel=\"noopener\">http:\/\/www.ucg.ac.me\/objava\/blog\/1249\/objava\/18037-the-xiv-international-conference-on-anglo-american-literary-studies-niksic-montenegro-june-28-29-2018<\/a><\/span><br \/>\n<span style=\"font-size: 10pt;\"> <strong><br \/>\n2nd CALL FOR PAPERS:<br \/>\n<\/strong><a href=\"http:\/\/www.ucg.ac.me\/skladiste\/blog_1249\/objava_18037\/fajlovi\/Reclaiming_Renaming%20Histories.pdf\" target=\"_blank\" rel=\"noopener\">http:\/\/www.ucg.ac.me\/skladiste\/blog_1249\/objava_18037\/fajlovi\/Reclaiming_Renaming%20Histories.pdf<\/a><\/span><\/td>\n<\/tr>\n<tr style=\"height: 106px;\">\n<td style=\"border-color: #6a8f9e; background-color: #ebfaf5; height: 106px; width: 613px;\"><span style=\"color: #336699;\"><span style=\"color: #336699;\"><span style=\"color: #336699;\"><span style=\"font-size: 10pt; color: #333333;\"><strong>Third International Conference on English Language, Literature, Teaching and Translation Studies (CELLTTS)<\/strong>, <strong>Sarajevo, 28-29 September 2018<\/strong><\/span><br \/>\n<strong><span style=\"color: #333333;\">more info:<\/span><\/strong> <span style=\"font-size: 10pt;\"><a href=\"http:\/\/celltts.ff.unsa.ba\/\" target=\"_blank\" rel=\"noopener\">http:\/\/celltts.ff.unsa.ba\/<\/a><\/span><\/span><\/span><\/span><br \/>\n<strong>CALL FOR PAPERS:<\/strong> <span style=\"font-size: 10pt;\"><a href=\"http:\/\/celltts.ff.unsa.ba\/call-for-papers\/\" target=\"_blank\" rel=\"noopener\">http:\/\/celltts.ff.unsa.ba\/call-for-papers\/<\/a><\/span><\/td>\n<\/tr>\n<tr style=\"height: 254px;\">\n<td style=\"border-color: #6a8f9e; background-color: #f4f7e6; width: 613px; height: 254px;\">\n<header class=\"nodate\">\n<h1><span style=\"font-size: 10pt;\">2018 EBAAS London<br \/>\n<strong>The 32nd European Association for American Studies and 63rd British Association for American Studies Conference<\/strong><\/span><\/h1>\n<\/header>\n<div class=\"itemBody\">\n<p>Keynote Speakers: Bettye Collier-Thomas (Temple University), Jo Gill (University of Exeter), Pekka\u00a0H\u00e4m\u00e4l\u00e4inen (University of Oxford)<br \/>\nmore info at <a href=\"https:\/\/www.eaas.eu\/conferences\/590-2018-ebaas-london\" target=\"_blank\" rel=\"noopener\">https:\/\/www.eaas.eu\/conferences\/590-2018-ebaas-london<\/a><\/p>\n<\/div>\n<p><span style=\"color: #336699;\"><span style=\"color: #336699;\"><span style=\"color: #336699;\"><span style=\"font-size: 10pt; color: #333333;\"><strong>\u00a0<\/strong><\/span><\/span><\/span><\/span><\/td>\n<\/tr>\n<\/tbody>\n<\/table>\n<p style=\"line-height: normal; text-align: justify;\">\n","protected":false},"excerpt":{"rendered":"<p>CONFERENCES AND WORKSHOPS \u00a0\u2217 2023 Media, American Culture, and Global Perspective: Images, Ideas, and Illusion CAAS 11th annual conference (Faculty of Humanities and Social Sciences, Rijeka, Croatia, 31 March, 2023) \u00a0\u2217 2022 Breaking Stereotypes in American Popular Culture The Book of Abstracts and conference photos are available\u00a0 here and here. Call for Papers: CAAS 10th [&hellip;]<\/p>\n","protected":false},"author":2,"featured_media":0,"parent":0,"menu_order":0,"comment_status":"closed","ping_status":"closed","template":"","meta":{"footnotes":""},"class_list":["post-17","page","type-page","status-publish","hentry"],"_links":{"self":[{"href":"https:\/\/aassee.ffzg.unizg.hr\/index.php\/wp-json\/wp\/v2\/pages\/17","targetHints":{"allow":["GET"]}}],"collection":[{"href":"https:\/\/aassee.ffzg.unizg.hr\/index.php\/wp-json\/wp\/v2\/pages"}],"about":[{"href":"https:\/\/aassee.ffzg.unizg.hr\/index.php\/wp-json\/wp\/v2\/types\/page"}],"author":[{"embeddable":true,"href":"https:\/\/aassee.ffzg.unizg.hr\/index.php\/wp-json\/wp\/v2\/users\/2"}],"replies":[{"embeddable":true,"href":"https:\/\/aassee.ffzg.unizg.hr\/index.php\/wp-json\/wp\/v2\/comments?post=17"}],"version-history":[{"count":51,"href":"https:\/\/aassee.ffzg.unizg.hr\/index.php\/wp-json\/wp\/v2\/pages\/17\/revisions"}],"predecessor-version":[{"id":425,"href":"https:\/\/aassee.ffzg.unizg.hr\/index.php\/wp-json\/wp\/v2\/pages\/17\/revisions\/425"}],"wp:attachment":[{"href":"https:\/\/aassee.ffzg.unizg.hr\/index.php\/wp-json\/wp\/v2\/media?parent=17"}],"curies":[{"name":"wp","href":"https:\/\/api.w.org\/{rel}","templated":true}]}}